

{"id":372,"date":"2016-09-08T10:09:56","date_gmt":"2016-09-08T08:09:56","guid":{"rendered":"https:\/\/www.listafyr.no\/de\/?page_id=372"},"modified":"2022-01-19T02:08:02","modified_gmt":"2022-01-19T01:08:02","slug":"fyrstasjonen","status":"publish","type":"page","link":"https:\/\/www.listafyr.no\/de\/fyrstasjonen\/","title":{"rendered":"Einmal die gr\u00f6\u00dfte der Welt"},"content":{"rendered":"<p>Der Leuchtturm auf Lista ragt 34 \u200b\u200bMeter \u00fcber dem Meeresspiegel. Von oben sieht man den Leuchtturm von Lindesnes im S\u00fcden und den Leuchtturm von Eiger\u00f8y im Westen. Hier k\u00f6nnen Sie Ihr Fahrkarte f\u00fcr den Leuchtturm vorbestellen. <strong>1 Fahrkarte gibt Ihnen f\u00fcr 30 Minuten exklusiven Zugang zum Turm f\u00fcr eine Gruppe bis 10 Personen, inklusive Abholung und \u00dcbergabe Ihres Schl\u00fcssels am Informationskiosk<\/strong><\/p>\n<p><script type=\"text\/javascript\" src=\"https:\/\/widgets.bokun.io\/assets\/javascripts\/apps\/build\/BokunWidgetsLoader.js?bookingChannelUUID=21b2e320-23fe-4294-99ab-fd06aef99df6\" async><\/script><\/p>\n<style> #bokun_e0e9044b_6282_4919_9312_9731622575da { display: inline-block; padding: 10px 20px; background: #408C3D; border-radius: 5px; box-shadow: none; font-weight: 600; font-size: 16px; text-decoration: none; text-align: center; color: #FFFFFF; font-family: sans-serif; border:none; cursor: pointer; } #bokun_e0e9044b_6282_4919_9312_9731622575da:hover{ background: #285726; } #bokun_e0e9044b_6282_4919_9312_9731622575da:active{ background: #30682e; } <\/style>\n<p><button id=\"bokun_e0e9044b_6282_4919_9312_9731622575da\" class=\"bokunButton\" disabled=\"disabled\" data-src=\"https:\/\/widgets.bokun.io\/online-sales\/21b2e320-23fe-4294-99ab-fd06aef99df6\/experience\/618848?partialView=1\" data-testid=\"widget-book-button\"> Fahrkarte bestellen <\/button><\/p>\n<p>Die Gew\u00e4sser vor Lista m\u00f6gen bei sch\u00f6nem Wetter einladend aussehen, aber der Leuchtturm sendet seine Warnlichter \u00fcber einen der gef\u00fcrchtetsten K\u00fcstenabschnitte Norwegens hinaus. Im Herbst 1781 gingen bis zu acht Schiffe unter. Erst 1836 wurde das Gel\u00e4nde mit einem 34 Meter hohen, in Granit gemei\u00dfelten Leuchtturm aufgewertet. Beim Leuchtturm Lista k\u00f6nnen Sie eine gef\u00fchrte Tour inklusive exklusivem Eintritt in den Leuchtturm buchen. <\/span><span class=\"Y2IQFc\" lang=\"de\">Bitte kontaktieren Sie uns f\u00fcr einen deutschsprachigen Guide.<\/p>\n<p><script type=\"text\/javascript\" src=\"https:\/\/widgets.bokun.io\/assets\/javascripts\/apps\/build\/BokunWidgetsLoader.js?bookingChannelUUID=21b2e320-23fe-4294-99ab-fd06aef99df6\" async><\/script><\/p>\n<style> #bokun_126de703_fa41_4837_abfa_c212e6825121 { display: inline-block; padding: 10px 20px; background: #408C3D; border-radius: 5px; box-shadow: none; font-weight: 600; font-size: 16px; text-decoration: none; text-align: center; color: #FFFFFF; font-family: sans-serif; border:none; cursor: pointer; } #bokun_126de703_fa41_4837_abfa_c212e6825121:hover{ background: #285726; } #bokun_126de703_fa41_4837_abfa_c212e6825121:active{ background: #30682e; } <\/style>\n<p><button id=\"bokun_126de703_fa41_4837_abfa_c212e6825121\" class=\"bokunButton\" disabled=\"disabled\" data-src=\"https:\/\/widgets.bokun.io\/online-sales\/21b2e320-23fe-4294-99ab-fd06aef99df6\/experience\/640291?partialView=1\" data-testid=\"widget-book-button\"> Gef\u00fcrte Tour bestellen <\/button><\/p>\n<p>Die Wohnung des Leuchtturmw\u00e4rters mit ihren Nebengeb\u00e4uden haben hohen Erhaltungswert. Im Jahre 1996 stellte der Reichsantiquar den Leuchtturm unter Denkmalschutz. Die norwegische K\u00fcstenverwaltung ist der Grundbesitzer und tr\u00e4gt die \u00fcbergeordnete Verantwortung f\u00fcr die ganze Geb\u00e4udemasse und den &lt;a href=&#8220;https:\/\/kystverket.no\/globalassets\/om-kystverket\/fyr\/sorost\/lista-forvaltningsplan-10-5-2017_endelig_kort_lt_safe.pdf\/download&#8220;&gt;technischen Betrieb an der Leuchtturmstation.&lt;\/a&gt;&lt;\/span&gt;&lt;\/p&gt;<\/p>\n","protected":false},"excerpt":{"rendered":"<p>Der Leuchtturm auf Lista ragt 34 \u200b\u200bMeter \u00fcber dem Meeresspiegel. Von oben sieht man den Leuchtturm von Lindesnes im S\u00fcden und den Leuchtturm von Eiger\u00f8y im Westen. Hier k\u00f6nnen Sie Ihr Fahrkarte f\u00fcr den Leuchtturm vorbestellen. 1 Fahrkarte gibt Ihnen f\u00fcr 30 Minuten exklusiven Zugang zum Turm f\u00fcr eine Gruppe bis 10 Personen, inklusive Abholung [&hellip;]<\/p>\n","protected":false},"author":6,"featured_media":0,"parent":0,"menu_order":0,"comment_status":"closed","ping_status":"closed","template":"","meta":{"_acf_changed":false,"footnotes":""},"class_list":["post-372","page","type-page","status-publish","hentry"],"acf":[],"yoast_head":"<!-- This site is optimized with the Yoast SEO plugin v27.3 - https:\/\/yoast.com\/product\/yoast-seo-wordpress\/ -->\n<title>Einmal die gr\u00f6\u00dfte der Welt - Lista Fyr<\/title>\n<meta name=\"robots\" content=\"index, follow, max-snippet:-1, max-image-preview:large, max-video-preview:-1\" \/>\n<link rel=\"canonical\" href=\"https:\/\/www.listafyr.no\/de\/fyrstasjonen\/\" \/>\n<meta property=\"og:locale\" content=\"de_DE\" \/>\n<meta property=\"og:type\" content=\"article\" \/>\n<meta property=\"og:title\" content=\"Einmal die gr\u00f6\u00dfte der Welt - Lista Fyr\" \/>\n<meta property=\"og:description\" content=\"Der Leuchtturm auf Lista ragt 34 \u200b\u200bMeter \u00fcber dem Meeresspiegel. Von oben sieht man den Leuchtturm von Lindesnes im S\u00fcden und den Leuchtturm von Eiger\u00f8y im Westen. Hier k\u00f6nnen Sie Ihr Fahrkarte f\u00fcr den Leuchtturm vorbestellen. 1 Fahrkarte gibt Ihnen f\u00fcr 30 Minuten exklusiven Zugang zum Turm f\u00fcr eine Gruppe bis 10 Personen, inklusive Abholung [&hellip;]\" \/>\n<meta property=\"og:url\" content=\"https:\/\/www.listafyr.no\/de\/fyrstasjonen\/\" \/>\n<meta property=\"og:site_name\" content=\"Lista Fyr\" \/>\n<meta property=\"article:modified_time\" content=\"2022-01-19T01:08:02+00:00\" \/>\n<meta name=\"twitter:card\" content=\"summary_large_image\" \/>\n<meta name=\"twitter:label1\" content=\"Gesch\u00e4tzte Lesezeit\" \/>\n\t<meta name=\"twitter:data1\" content=\"2\u00a0Minuten\" \/>\n<script type=\"application\/ld+json\" class=\"yoast-schema-graph\">{\"@context\":\"https:\\\/\\\/schema.org\",\"@graph\":[{\"@type\":\"WebPage\",\"@id\":\"https:\\\/\\\/www.listafyr.no\\\/de\\\/fyrstasjonen\\\/\",\"url\":\"https:\\\/\\\/www.listafyr.no\\\/de\\\/fyrstasjonen\\\/\",\"name\":\"Einmal die gr\u00f6\u00dfte der Welt - Lista Fyr\",\"isPartOf\":{\"@id\":\"https:\\\/\\\/www.listafyr.no\\\/#website\"},\"datePublished\":\"2016-09-08T08:09:56+00:00\",\"dateModified\":\"2022-01-19T01:08:02+00:00\",\"breadcrumb\":{\"@id\":\"https:\\\/\\\/www.listafyr.no\\\/de\\\/fyrstasjonen\\\/#breadcrumb\"},\"inLanguage\":\"de\",\"potentialAction\":[{\"@type\":\"ReadAction\",\"target\":[\"https:\\\/\\\/www.listafyr.no\\\/de\\\/fyrstasjonen\\\/\"]}]},{\"@type\":\"BreadcrumbList\",\"@id\":\"https:\\\/\\\/www.listafyr.no\\\/de\\\/fyrstasjonen\\\/#breadcrumb\",\"itemListElement\":[{\"@type\":\"ListItem\",\"position\":1,\"name\":\"Hjem\",\"item\":\"https:\\\/\\\/www.listafyr.no\\\/de\\\/\"},{\"@type\":\"ListItem\",\"position\":2,\"name\":\"Einmal die gr\u00f6\u00dfte der Welt\"}]},{\"@type\":\"WebSite\",\"@id\":\"https:\\\/\\\/www.listafyr.no\\\/#website\",\"url\":\"https:\\\/\\\/www.listafyr.no\\\/\",\"name\":\"Lista Fyr\",\"description\":\"\",\"publisher\":{\"@id\":\"https:\\\/\\\/www.listafyr.no\\\/#organization\"},\"potentialAction\":[{\"@type\":\"SearchAction\",\"target\":{\"@type\":\"EntryPoint\",\"urlTemplate\":\"https:\\\/\\\/www.listafyr.no\\\/?s={search_term_string}\"},\"query-input\":{\"@type\":\"PropertyValueSpecification\",\"valueRequired\":true,\"valueName\":\"search_term_string\"}}],\"inLanguage\":\"de\"},{\"@type\":\"Organization\",\"@id\":\"https:\\\/\\\/www.listafyr.no\\\/#organization\",\"name\":\"Lista Fyr - Bes\u00f8kssenter v\u00e5tmark Lista\",\"url\":\"https:\\\/\\\/www.listafyr.no\\\/\",\"logo\":{\"@type\":\"ImageObject\",\"inLanguage\":\"de\",\"@id\":\"https:\\\/\\\/www.listafyr.no\\\/#\\\/schema\\\/logo\\\/image\\\/\",\"url\":\"https:\\\/\\\/dn7eyj4djjy4e.cloudfront.net\\\/wp-content\\\/uploads\\\/2018\\\/07\\\/09173656\\\/DA1E7F0D-A2A3-4B62-AB5C-102BC8E289F1.png\",\"contentUrl\":\"https:\\\/\\\/dn7eyj4djjy4e.cloudfront.net\\\/wp-content\\\/uploads\\\/2018\\\/07\\\/09173656\\\/DA1E7F0D-A2A3-4B62-AB5C-102BC8E289F1.png\",\"width\":1096,\"height\":1925,\"caption\":\"Lista Fyr - Bes\u00f8kssenter v\u00e5tmark Lista\"},\"image\":{\"@id\":\"https:\\\/\\\/www.listafyr.no\\\/#\\\/schema\\\/logo\\\/image\\\/\"}}]}<\/script>\n<!-- \/ Yoast SEO plugin. -->","yoast_head_json":{"title":"Einmal die gr\u00f6\u00dfte der Welt - Lista Fyr","robots":{"index":"index","follow":"follow","max-snippet":"max-snippet:-1","max-image-preview":"max-image-preview:large","max-video-preview":"max-video-preview:-1"},"canonical":"https:\/\/www.listafyr.no\/de\/fyrstasjonen\/","og_locale":"de_DE","og_type":"article","og_title":"Einmal die gr\u00f6\u00dfte der Welt - Lista Fyr","og_description":"Der Leuchtturm auf Lista ragt 34 \u200b\u200bMeter \u00fcber dem Meeresspiegel. Von oben sieht man den Leuchtturm von Lindesnes im S\u00fcden und den Leuchtturm von Eiger\u00f8y im Westen. Hier k\u00f6nnen Sie Ihr Fahrkarte f\u00fcr den Leuchtturm vorbestellen. 1 Fahrkarte gibt Ihnen f\u00fcr 30 Minuten exklusiven Zugang zum Turm f\u00fcr eine Gruppe bis 10 Personen, inklusive Abholung [&hellip;]","og_url":"https:\/\/www.listafyr.no\/de\/fyrstasjonen\/","og_site_name":"Lista Fyr","article_modified_time":"2022-01-19T01:08:02+00:00","twitter_card":"summary_large_image","twitter_misc":{"Gesch\u00e4tzte Lesezeit":"2\u00a0Minuten"},"schema":{"@context":"https:\/\/schema.org","@graph":[{"@type":"WebPage","@id":"https:\/\/www.listafyr.no\/de\/fyrstasjonen\/","url":"https:\/\/www.listafyr.no\/de\/fyrstasjonen\/","name":"Einmal die gr\u00f6\u00dfte der Welt - Lista Fyr","isPartOf":{"@id":"https:\/\/www.listafyr.no\/#website"},"datePublished":"2016-09-08T08:09:56+00:00","dateModified":"2022-01-19T01:08:02+00:00","breadcrumb":{"@id":"https:\/\/www.listafyr.no\/de\/fyrstasjonen\/#breadcrumb"},"inLanguage":"de","potentialAction":[{"@type":"ReadAction","target":["https:\/\/www.listafyr.no\/de\/fyrstasjonen\/"]}]},{"@type":"BreadcrumbList","@id":"https:\/\/www.listafyr.no\/de\/fyrstasjonen\/#breadcrumb","itemListElement":[{"@type":"ListItem","position":1,"name":"Hjem","item":"https:\/\/www.listafyr.no\/de\/"},{"@type":"ListItem","position":2,"name":"Einmal die gr\u00f6\u00dfte der Welt"}]},{"@type":"WebSite","@id":"https:\/\/www.listafyr.no\/#website","url":"https:\/\/www.listafyr.no\/","name":"Lista Fyr","description":"","publisher":{"@id":"https:\/\/www.listafyr.no\/#organization"},"potentialAction":[{"@type":"SearchAction","target":{"@type":"EntryPoint","urlTemplate":"https:\/\/www.listafyr.no\/?s={search_term_string}"},"query-input":{"@type":"PropertyValueSpecification","valueRequired":true,"valueName":"search_term_string"}}],"inLanguage":"de"},{"@type":"Organization","@id":"https:\/\/www.listafyr.no\/#organization","name":"Lista Fyr - Bes\u00f8kssenter v\u00e5tmark Lista","url":"https:\/\/www.listafyr.no\/","logo":{"@type":"ImageObject","inLanguage":"de","@id":"https:\/\/www.listafyr.no\/#\/schema\/logo\/image\/","url":"https:\/\/dn7eyj4djjy4e.cloudfront.net\/wp-content\/uploads\/2018\/07\/09173656\/DA1E7F0D-A2A3-4B62-AB5C-102BC8E289F1.png","contentUrl":"https:\/\/dn7eyj4djjy4e.cloudfront.net\/wp-content\/uploads\/2018\/07\/09173656\/DA1E7F0D-A2A3-4B62-AB5C-102BC8E289F1.png","width":1096,"height":1925,"caption":"Lista Fyr - Bes\u00f8kssenter v\u00e5tmark Lista"},"image":{"@id":"https:\/\/www.listafyr.no\/#\/schema\/logo\/image\/"}}]}},"_links":{"self":[{"href":"https:\/\/www.listafyr.no\/de\/wp-json\/wp\/v2\/pages\/372","targetHints":{"allow":["GET"]}}],"collection":[{"href":"https:\/\/www.listafyr.no\/de\/wp-json\/wp\/v2\/pages"}],"about":[{"href":"https:\/\/www.listafyr.no\/de\/wp-json\/wp\/v2\/types\/page"}],"author":[{"embeddable":true,"href":"https:\/\/www.listafyr.no\/de\/wp-json\/wp\/v2\/users\/6"}],"replies":[{"embeddable":true,"href":"https:\/\/www.listafyr.no\/de\/wp-json\/wp\/v2\/comments?post=372"}],"version-history":[{"count":8,"href":"https:\/\/www.listafyr.no\/de\/wp-json\/wp\/v2\/pages\/372\/revisions"}],"predecessor-version":[{"id":1069,"href":"https:\/\/www.listafyr.no\/de\/wp-json\/wp\/v2\/pages\/372\/revisions\/1069"}],"wp:attachment":[{"href":"https:\/\/www.listafyr.no\/de\/wp-json\/wp\/v2\/media?parent=372"}],"curies":[{"name":"wp","href":"https:\/\/api.w.org\/{rel}","templated":true}]}}